{"id":422,"date":"2025-12-04T07:32:19","date_gmt":"2025-12-04T07:32:19","guid":{"rendered":"http:\/\/www.ailesevgisi.com\/?page_id=422"},"modified":"2025-12-04T08:32:33","modified_gmt":"2025-12-04T08:32:33","slug":"yarisma-basvurusu","status":"publish","type":"page","link":"http:\/\/www.ailesevgisi.com\/index.php\/yarisma-basvurusu\/","title":{"rendered":"YARI\u015eMA BA\u015eVURUSU"},"content":{"rendered":"\n<h2 class=\"wp-block-heading\"><strong>BA\u015eVURU YAPMAK \u0130\u00c7\u0130N A\u015eA\u011eIDAK\u0130 FORMU KULLANIN:<\/strong><\/h2>\n\n\n\n<p><a href=\"https:\/\/docs.google.com\/forms\/d\/e\/1FAIpQLSfItBVseDnzpVm3vJh3Rx3g2mSrVTQln4l8QKFg0AzgQyM5dg\/viewform?usp=dialog\">https:\/\/docs.google.com\/forms\/d\/e\/1FAIpQLSfItBVseDnzpVm3vJh3Rx3g2mSrVTQln4l8QKFg0AzgQyM5dg\/viewform?usp=dialog<\/a><\/p>\n\n\n\n<hr class=\"wp-block-separator has-alpha-channel-opacity\"\/>\n\n\n\n<h2 class=\"wp-block-heading\"><strong>\u015eARTNAME<\/strong><\/h2>\n\n\n\n<h3 class=\"wp-block-heading\">1. Ama\u00e7 ve Kapsam<\/h3>\n\n\n\n<p>Bu yar\u0131\u015fman\u0131n amac\u0131, T.C. \u0130\u00e7i\u015fleri Bakanl\u0131\u011f\u0131 Sivil Toplumla \u0130li\u015fkiler Genel M\u00fcd\u00fcrl\u00fc\u011f\u00fc (PRODES) deste\u011fiyle Avrasya Gazeteciler Derne\u011fi taraf\u0131ndan y\u00fcr\u00fct\u00fclen proje kapsam\u0131nda, gen\u00e7lerin ve \u00f6\u011frencilerin <strong>ba\u011f\u0131ml\u0131l\u0131kla m\u00fccadelede aile sevgisinin bir kalkan olarak \u00f6nemine<\/strong> dair fark\u0131ndal\u0131klar\u0131n\u0131 sanatsal yollarla ifade etmelerini sa\u011flamakt\u0131r.<\/p>\n\n\n\n<p>Yar\u0131\u015fma, T\u00fcrkiye genelindeki t\u00fcm gen\u00e7leri ve \u00f6\u011frencileri kapsamaktad\u0131r.<\/p>\n\n\n\n<h3 class=\"wp-block-heading\">2. Tema<\/h3>\n\n\n\n<p>Yar\u0131\u015fman\u0131n temel temas\u0131: <strong>&#8220;Ba\u011f\u0131ml\u0131l\u0131kla M\u00fccadelede Aile Sevgisinin \u00d6nemi&#8221;<\/strong><\/p>\n\n\n\n<p>Kat\u0131l\u0131mc\u0131lardan, bu konuyu kendi se\u00e7tikleri sanat dal\u0131nda (Resim, Hik\u00e2ye, \u015eiir, K\u0131sa Film) \u00f6zg\u00fcn ve yarat\u0131c\u0131 bir \u015fekilde i\u015flemeleri beklenmektedir.<\/p>\n\n\n\n<h3 class=\"wp-block-heading\">3. D\u00fczenleyici Kurulu\u015f ve Payda\u015f<\/h3>\n\n\n\n<ul class=\"wp-block-list\">\n<li><strong>D\u00fczenleyici Kurulu\u015f (Y\u00fcr\u00fct\u00fcc\u00fc):<\/strong> Avrasya Gazeteciler Derne\u011fi<\/li>\n\n\n\n<li><strong>Payda\u015f Kurum:<\/strong> \u0130lim K\u00fclt\u00fcr Tarih ve Teknoloji Ara\u015ft\u0131rma Merkezi K\u00fct\u00fcphanesi<\/li>\n\n\n\n<li><strong>Destekleyen Kurulu\u015f:<\/strong> T.C. \u0130\u00e7i\u015fleri Bakanl\u0131\u011f\u0131 Sivil Toplumla \u0130li\u015fkiler Genel M\u00fcd\u00fcrl\u00fc\u011f\u00fc (PRODES)<\/li>\n<\/ul>\n\n\n\n<h3 class=\"wp-block-heading\">4. Kat\u0131l\u0131m \u015eartlar\u0131<\/h3>\n\n\n\n<ul class=\"wp-block-list\">\n<li>Yar\u0131\u015fmaya 10-25 ya\u015f aras\u0131ndaki t\u00fcm \u00f6\u011frenciler ve gen\u00e7ler kat\u0131labilir.<\/li>\n\n\n\n<li>Her kat\u0131l\u0131mc\u0131, yaln\u0131zca <strong>bir (1)<\/strong> kategoride ve <strong>bir (1)<\/strong> eser ile yar\u0131\u015fmaya kat\u0131labilir.<\/li>\n\n\n\n<li>Yar\u0131\u015fmaya kat\u0131lan eserler, \u00f6zg\u00fcn olmal\u0131, daha \u00f6nce hi\u00e7bir yar\u0131\u015fmada \u00f6d\u00fcl almam\u0131\u015f veya sergilenmemi\u015f\/yay\u0131nlanmam\u0131\u015f olmal\u0131d\u0131r.<\/li>\n\n\n\n<li>Eserler, yar\u0131\u015fma temas\u0131n\u0131 a\u00e7\u0131k\u00e7a yans\u0131tmal\u0131d\u0131r.<\/li>\n\n\n\n<li>Ba\u015fvurular, yaln\u0131zca proje i\u00e7in olu\u015fturulan <strong>www.ailesevgisi.com<\/strong> internet sitesindeki online ba\u015fvuru formu \u00fczerinden kabul edilecektir. Posta veya elden teslim kesinlikle kabul edilmeyecektir.<\/li>\n\n\n\n<li>18 ya\u015f\u0131ndan k\u00fc\u00e7\u00fck kat\u0131l\u0131mc\u0131lar\u0131n ba\u015fvuru formunda <strong>veli\/yasal temsilci onay\u0131n\u0131<\/strong> ibraz etmeleri zorunludur.<\/li>\n<\/ul>\n\n\n\n<h3 class=\"wp-block-heading\">5. Kategoriye \u00d6zg\u00fc Teknik \u015eartlar<\/h3>\n\n\n\n<h4 class=\"wp-block-heading\">A. Resim Kategorisi<\/h4>\n\n\n\n<ul class=\"wp-block-list\">\n<li><strong>Teknik:<\/strong> Serbest (Sulu boya, guaj, pastel, ya\u011fl\u0131 boya, karakalem vb.)<\/li>\n\n\n\n<li><strong>Boyut:<\/strong> En az <strong>35&#215;50 cm<\/strong>, en fazla <strong>50&#215;70 cm<\/strong> boyutlar\u0131nda olmal\u0131d\u0131r.<\/li>\n\n\n\n<li><strong>Teslim \u015eekli:<\/strong> Eserin y\u00fcksek \u00e7\u00f6z\u00fcn\u00fcrl\u00fckl\u00fc dijital foto\u011fraf\u0131 (JPEG veya PNG format\u0131nda, en az 300dpi \u00e7\u00f6z\u00fcn\u00fcrl\u00fckte) online form \u00fczerinden y\u00fcklenmelidir.<\/li>\n<\/ul>\n\n\n\n<h4 class=\"wp-block-heading\">B. Hik\u00e2ye Kategorisi<\/h4>\n\n\n\n<ul class=\"wp-block-list\">\n<li><strong>Uzunluk:<\/strong> 1.000 (Bin) kelimeden az, 3.000 (\u00dc\u00e7 bin) kelimeden fazla olmamal\u0131d\u0131r.<\/li>\n\n\n\n<li><strong>Format:<\/strong> Times New Roman, 12 punto, 1,5 sat\u0131r aral\u0131\u011f\u0131.<\/li>\n\n\n\n<li><strong>Teslim \u015eekli:<\/strong> Eser, <strong>.DOCX<\/strong> veya <strong>.PDF<\/strong> format\u0131nda online form \u00fczerinden y\u00fcklenmelidir.<\/li>\n<\/ul>\n\n\n\n<h4 class=\"wp-block-heading\">C. \u015eiir Kategorisi<\/h4>\n\n\n\n<ul class=\"wp-block-list\">\n<li><strong>Uzunluk:<\/strong> En az 10 dize, en fazla 60 dize olmal\u0131d\u0131r.<\/li>\n\n\n\n<li><strong>Format:<\/strong> Times New Roman, 12 punto, tek sat\u0131r aral\u0131\u011f\u0131.<\/li>\n\n\n\n<li><strong>Teslim \u015eekli:<\/strong> Eser, <strong>.DOCX<\/strong> veya <strong>.PDF<\/strong> format\u0131nda online form \u00fczerinden y\u00fcklenmelidir.<\/li>\n<\/ul>\n\n\n\n<h4 class=\"wp-block-heading\">D. K\u0131sa Film Kategorisi<\/h4>\n\n\n\n<ul class=\"wp-block-list\">\n<li><strong>S\u00fcre:<\/strong> Jenerik d\u00e2hil en az 1 dakika, en fazla <strong>5 dakika<\/strong> olmal\u0131d\u0131r.<\/li>\n\n\n\n<li><strong>\u00c7\u00f6z\u00fcn\u00fcrl\u00fck:<\/strong> En az 1920&#215;1080 olmal\u0131d\u0131r.<\/li>\n\n\n\n<li><strong>Teslim \u015eekli:<\/strong> Film dosyas\u0131, <strong>.MP4<\/strong> format\u0131nda direkt y\u00fcklenebilir veya <strong>a\u00e7\u0131k eri\u015fime sahip<\/strong> bir dosya payla\u015f\u0131m linki (Google Drive, Wetransfer vb.) \u00fczerinden online forma i\u015flenmelidir.<\/li>\n<\/ul>\n\n\n\n<h3 class=\"wp-block-heading\">6. \u00d6d\u00fcller ve De\u011ferlendirme Takvimi<\/h3>\n\n\n\n<h4 class=\"wp-block-heading\">A. \u00d6d\u00fcller<\/h4>\n\n\n\n<p>Her kategoride dereceye giren ilk \u00fc\u00e7 (3) esere s\u00fcrpriz \u00f6d\u00fcller takdim edilecektir.<\/p>\n\n\n\n<h4 class=\"wp-block-heading\">B. \u00d6nemli Tarihler<\/h4>\n\n\n\n<figure class=\"wp-block-table\"><table class=\"has-fixed-layout\"><thead><tr><td><strong>Etkinlik<\/strong><\/td><td><strong>Tarih<\/strong><\/td><\/tr><\/thead><tbody><tr><td><strong>Son Ba\u015fvuru Tarihi<\/strong><\/td><td><strong>30 Aral\u0131k 2025<\/strong><\/td><\/tr><tr><td><strong>J\u00fcri De\u011ferlendirmesi<\/strong><\/td><td>01 Ocak 2026 \u2013 5 Ocak 2026<\/td><\/tr><tr><td><strong>Sonu\u00e7lar\u0131n A\u00e7\u0131klanmas\u0131<\/strong><\/td><td>6 Ocak 2026 <br>(<a href=\"https:\/\/www.google.com\/search?q=https:\/\/www.ailesevgisi.com\" target=\"_blank\" rel=\"noreferrer noopener\">www.ailesevgisi.com<\/a> \u00fczerinden duyurulacakt\u0131r)<\/td><\/tr><tr><td><strong>\u00d6d\u00fcl T\u00f6reni<\/strong><\/td><td>[Daha sonra duyurulacakt\u0131r]<\/td><\/tr><\/tbody><\/table><\/figure>\n\n\n\n<h3 class=\"wp-block-heading\">7. Telif ve Kullan\u0131m Haklar\u0131<\/h3>\n\n\n\n<ul class=\"wp-block-list\">\n<li>Yar\u0131\u015fmaya kat\u0131lan t\u00fcm eserlerin telif hakk\u0131 kat\u0131l\u0131mc\u0131ya ait olmakla birlikte, kat\u0131l\u0131mc\u0131 ba\u015fvuru yaparak, eserinin yay\u0131n, g\u00f6sterim, sergileme ve tan\u0131t\u0131m hakk\u0131n\u0131 s\u00fcresiz, yer ve i\u00e7erik k\u0131s\u0131tlamas\u0131 olmaks\u0131z\u0131n, herhangi bir bedel talep etmeksizin <strong>Avrasya Gazeteciler Derne\u011fi<\/strong>&#8216;ne devretti\u011fini kabul ve taahh\u00fct eder.<\/li>\n\n\n\n<li>Yar\u0131\u015fmaya kat\u0131lan eserler, projenin ama\u00e7lar\u0131 do\u011frultusunda bas\u0131l\u0131, dijital ve sosyal medya ara\u00e7lar\u0131nda kullan\u0131labilir, sergilenebilir ve kitap\/katalog haline getirilebilir.<\/li>\n<\/ul>\n\n\n\n<h3 class=\"wp-block-heading\">8. Di\u011fer H\u00fck\u00fcmler<\/h3>\n\n\n\n<ul class=\"wp-block-list\">\n<li>\u015eartnameye uymayan eserler de\u011ferlendirmeye al\u0131nmayacakt\u0131r.<\/li>\n\n\n\n<li>Yar\u0131\u015fmaya kat\u0131lan herkes, bu \u015fartname h\u00fck\u00fcmlerini kabul etmi\u015f say\u0131l\u0131r.<\/li>\n\n\n\n<li>Yar\u0131\u015fma D\u00fczenleme Kurulu, gerekli g\u00f6rd\u00fc\u011f\u00fc durumlarda \u015fartname \u00fczerinde de\u011fi\u015fiklik yapma hakk\u0131n\u0131 sakl\u0131 tutar.<\/li>\n<\/ul>\n","protected":false},"excerpt":{"rendered":"<p>BA\u015eVURU YAPMAK \u0130\u00c7\u0130N A\u015eA\u011eIDAK\u0130 FORMU KULLANIN: https:\/\/docs.google.com\/forms\/d\/e\/1FAIpQLSfItBVseDnzpVm3vJh3Rx3g2mSrVTQln4l8QKFg0AzgQyM5dg\/viewform?usp=dialog \u015eARTNAME 1. Ama\u00e7 ve Kapsam Bu yar\u0131\u015fman\u0131n amac\u0131, T.C. \u0130\u00e7i\u015fleri Bakanl\u0131\u011f\u0131 Sivil Toplumla \u0130li\u015fkiler Genel M\u00fcd\u00fcrl\u00fc\u011f\u00fc (PRODES) deste\u011fiyle Avrasya Gazeteciler Derne\u011fi taraf\u0131ndan y\u00fcr\u00fct\u00fclen proje kapsam\u0131nda, gen\u00e7lerin ve \u00f6\u011frencilerin ba\u011f\u0131ml\u0131l\u0131kla m\u00fccadelede aile sevgisinin bir kalkan olarak \u00f6nemine dair fark\u0131ndal\u0131klar\u0131n\u0131 sanatsal yollarla ifade etmelerini sa\u011flamakt\u0131r. Yar\u0131\u015fma, T\u00fcrkiye genelindeki t\u00fcm gen\u00e7leri<\/p>\n","protected":false},"author":1,"featured_media":0,"parent":0,"menu_order":0,"comment_status":"closed","ping_status":"closed","template":"","meta":{"footnotes":""},"class_list":["post-422","page","type-page","status-publish","hentry"],"_links":{"self":[{"href":"http:\/\/www.ailesevgisi.com\/index.php\/wp-json\/wp\/v2\/pages\/422","targetHints":{"allow":["GET"]}}],"collection":[{"href":"http:\/\/www.ailesevgisi.com\/index.php\/wp-json\/wp\/v2\/pages"}],"about":[{"href":"http:\/\/www.ailesevgisi.com\/index.php\/wp-json\/wp\/v2\/types\/page"}],"author":[{"embeddable":true,"href":"http:\/\/www.ailesevgisi.com\/index.php\/wp-json\/wp\/v2\/users\/1"}],"replies":[{"embeddable":true,"href":"http:\/\/www.ailesevgisi.com\/index.php\/wp-json\/wp\/v2\/comments?post=422"}],"version-history":[{"count":3,"href":"http:\/\/www.ailesevgisi.com\/index.php\/wp-json\/wp\/v2\/pages\/422\/revisions"}],"predecessor-version":[{"id":428,"href":"http:\/\/www.ailesevgisi.com\/index.php\/wp-json\/wp\/v2\/pages\/422\/revisions\/428"}],"wp:attachment":[{"href":"http:\/\/www.ailesevgisi.com\/index.php\/wp-json\/wp\/v2\/media?parent=422"}],"curies":[{"name":"wp","href":"https:\/\/api.w.org\/{rel}","templated":true}]}}